{"id":703,"date":"2025-01-10T08:28:10","date_gmt":"2025-01-10T07:28:10","guid":{"rendered":"https:\/\/www.gasthof-walde.com\/impressum\/"},"modified":"2025-02-14T08:23:26","modified_gmt":"2025-02-14T07:23:26","slug":"impressum","status":"publish","type":"page","link":"https:\/\/www.gasthof-walde.com\/it\/impressum\/","title":{"rendered":"Impressum"},"content":{"rendered":"[vc_row type=&#8221;in_container&#8221; full_screen_row_position=&#8221;middle&#8221; column_margin=&#8221;default&#8221; column_direction=&#8221;default&#8221; column_direction_tablet=&#8221;default&#8221; column_direction_phone=&#8221;default&#8221; scene_position=&#8221;center&#8221; top_padding=&#8221;3%&#8221; constrain_group_1=&#8221;yes&#8221; bottom_padding=&#8221;3%&#8221; text_color=&#8221;dark&#8221; text_align=&#8221;left&#8221; row_border_radius=&#8221;none&#8221; row_border_radius_applies=&#8221;bg&#8221; overflow=&#8221;visible&#8221; overlay_strength=&#8221;0.3&#8243; gradient_direction=&#8221;left_to_right&#8221; shape_divider_position=&#8221;bottom&#8221; bg_image_animation=&#8221;none&#8221; gradient_type=&#8221;default&#8221; shape_type=&#8221;&#8221;][vc_column column_padding=&#8221;no-extra-padding&#8221; column_padding_tablet=&#8221;inherit&#8221; column_padding_phone=&#8221;inherit&#8221; column_padding_position=&#8221;all&#8221; column_element_direction_desktop=&#8221;default&#8221; column_element_spacing=&#8221;default&#8221; desktop_text_alignment=&#8221;default&#8221; tablet_text_alignment=&#8221;default&#8221; phone_text_alignment=&#8221;default&#8221; background_color_opacity=&#8221;1&#8243; background_hover_color_opacity=&#8221;1&#8243; column_backdrop_filter=&#8221;none&#8221; column_shadow=&#8221;none&#8221; column_border_radius=&#8221;none&#8221; column_link_target=&#8221;_self&#8221; column_position=&#8221;default&#8221; gradient_direction=&#8221;left_to_right&#8221; overlay_strength=&#8221;0.3&#8243; width=&#8221;1\/1&#8243; tablet_width_inherit=&#8221;default&#8221; animation_type=&#8221;default&#8221; bg_image_animation=&#8221;none&#8221; border_type=&#8221;simple&#8221; column_border_width=&#8221;none&#8221; column_border_style=&#8221;solid&#8221;][vc_column_text css=&#8221;&#8221; text_direction=&#8221;default&#8221;]\n<h3><strong>Impressum &#8211; Informazioni Legali<\/strong><\/h3>\n[divider line_type=&#8221;no-line&#8221; custom_height=&#8221;30&#8243;]\n<h3><strong>Editore:<\/strong><\/h3>\n<p><strong>Gasthof Walde<\/strong><br \/>\n<strong>GASTHOF WALDE KG DI PR\u00dcNSTER ALOIS FLORIAN &amp; CO.<\/strong><br \/>\nVernuer n. 24<br \/>\nI-39010 Rifiano (BZ)<\/p>\n<p><strong>Codice Fiscale:<\/strong> 03069990210<br \/>\n<strong>Partita IVA:<\/strong> 03069990210<br \/>\n<strong>CIN:<\/strong> IT021073A1UI7YF6G2<\/p>\n<p><strong>Iscrizione al Registro delle Imprese di Bolzano:<\/strong> 229590<br \/>\n<strong>Data di iscrizione:<\/strong> 06\/02\/2020<\/p>\n<p><strong>E-Mail:<\/strong> <a rel=\"noopener\">info@gasthof-walde.com<\/a><br \/>\n<strong>Posta Elettronica Certificata (PEC):<\/strong> <a rel=\"noopener\">gasthofwalde@pec.it<\/a><\/p>\n<p><strong>Telefono\/Fax:<\/strong> +39 (0)473 24 11 98<br \/>\n<strong>Cellulare:<\/strong> +39 333 452 22 67<\/p>\n<p><strong>IMPORTANTE (Regolamento (UE) n. 524\/2013)<\/strong><\/p>\n<p>Piattaforma della Commissione Europea per la risoluzione online delle controversie:<br \/>\n<a href=\"https:\/\/www.ec.europa.eu\/consumers\/odr\" target=\"_new\" rel=\"noopener\">www.ec.europa.eu\/consumers\/odr<\/a><\/p>\n<p><strong>E-Mail:<\/strong> <a rel=\"noopener\">info@gasthof-walde.com<\/a><\/p>\n<p><strong>Diritti d&#8217;autore<\/strong><\/p>\n<p>Le informazioni fornite all&#8217;interno di questo sito web sono protette dal diritto d&#8217;autore in tutte le loro parti. L&#8217;uso e lo sfruttamento sono consentiti esclusivamente per uso personale. Qualsiasi ulteriore utilizzo richiede il nostro consenso scritto. Ci\u00f2 riguarda in particolare riproduzioni, traduzioni, microfilmature, archiviazione e distribuzione in sistemi elettronici.<\/p>\n<p><strong>Crediti fotografici<\/strong><\/p>\n<ul>\n<li>Archivio Gasthof Walde<\/li>\n<li>Associazione Turistica Val Passiria<\/li>\n<li>Judith Kuen<\/li>\n<\/ul>\n<p><strong>Esclusione di responsabilit\u00e0<\/strong><\/p>\n<p>Questo sito web (&#8220;sito internet&#8221;) contiene collegamenti (&#8220;link&#8221;) a pagine esterne gestite e\/o pubblicate e\/o mantenute e\/o fornite da operatori esterni. Tali pagine si trovano al di fuori della nostra sfera di controllo. Pertanto, non possiamo fornire alcuna garanzia e\/o assumerci alcuna responsabilit\u00e0 per il loro contenuto. La responsabilit\u00e0 per i contenuti indicati \u00e8 esclusivamente dei rispettivi operatori. Al momento della creazione dei link, non erano presenti contenuti evidentemente illegali nelle pagine esterne collegate.<\/p>\n<p>Le opinioni espresse su tali siti esterni possono differire dalle nostre. Questo sito web viene aggiornato regolarmente. Tuttavia, non possiamo garantire l&#8217;accuratezza, la legalit\u00e0, l&#8217;attualit\u00e0, la completezza o la presenza delle informazioni e\/o dei dati in esso contenuti.[\/vc_column_text][\/vc_column][\/vc_row]\n","protected":false},"excerpt":{"rendered":"<p>[vc_row type=&#8221;in_container&#8221; full_screen_row_position=&#8221;middle&#8221; column_margin=&#8221;default&#8221; column_direction=&#8221;default&#8221; column_direction_tablet=&#8221;default&#8221; column_direction_phone=&#8221;default&#8221; scene_position=&#8221;center&#8221; top_padding=&#8221;3%&#8221; constrain_group_1=&#8221;yes&#8221; bottom_padding=&#8221;3%&#8221; text_color=&#8221;dark&#8221; text_align=&#8221;left&#8221; row_border_radius=&#8221;none&#8221; row_border_radius_applies=&#8221;bg&#8221; overflow=&#8221;visible&#8221; overlay_strength=&#8221;0.3&#8243; gradient_direction=&#8221;left_to_right&#8221; shape_divider_position=&#8221;bottom&#8221; bg_image_animation=&#8221;none&#8221; gradient_type=&#8221;default&#8221; shape_type=&#8221;&#8221;][vc_column column_padding=&#8221;no-extra-padding&#8221; column_padding_tablet=&#8221;inherit&#8221; column_padding_phone=&#8221;inherit&#8221; column_padding_position=&#8221;all&#8221; column_element_direction_desktop=&#8221;default&#8221; column_element_spacing=&#8221;default&#8221; desktop_text_alignment=&#8221;default&#8221; tablet_text_alignment=&#8221;default&#8221;&#8230;<\/p>\n","protected":false},"author":3,"featured_media":0,"parent":0,"menu_order":98,"comment_status":"closed","ping_status":"closed","template":"","meta":{"footnotes":""},"class_list":["post-703","page","type-page","status-publish"],"yoast_head":"<!-- This site is optimized with the Yoast SEO plugin v27.4 - https:\/\/yoast.com\/product\/yoast-seo-wordpress\/ -->\n<title>Impressum - Berggasthof Walde<\/title>\n<meta name=\"robots\" content=\"index, follow, max-snippet:-1, max-image-preview:large, max-video-preview:-1\" \/>\n<link rel=\"canonical\" href=\"https:\/\/www.gasthof-walde.com\/it\/impressum\/\" \/>\n<meta property=\"og:locale\" content=\"it_IT\" \/>\n<meta property=\"og:type\" content=\"article\" \/>\n<meta property=\"og:title\" content=\"Impressum - Berggasthof Walde\" \/>\n<meta property=\"og:description\" content=\"[vc_row type=&#8221;in_container&#8221; full_screen_row_position=&#8221;middle&#8221; column_margin=&#8221;default&#8221; column_direction=&#8221;default&#8221; column_direction_tablet=&#8221;default&#8221; column_direction_phone=&#8221;default&#8221; scene_position=&#8221;center&#8221; top_padding=&#8221;3%&#8221; constrain_group_1=&#8221;yes&#8221; bottom_padding=&#8221;3%&#8221; text_color=&#8221;dark&#8221; text_align=&#8221;left&#8221; row_border_radius=&#8221;none&#8221; row_border_radius_applies=&#8221;bg&#8221; overflow=&#8221;visible&#8221; overlay_strength=&#8221;0.3&#8243; gradient_direction=&#8221;left_to_right&#8221; shape_divider_position=&#8221;bottom&#8221; bg_image_animation=&#8221;none&#8221; gradient_type=&#8221;default&#8221; shape_type=&#8221;&#8221;][vc_column column_padding=&#8221;no-extra-padding&#8221; column_padding_tablet=&#8221;inherit&#8221; column_padding_phone=&#8221;inherit&#8221; column_padding_position=&#8221;all&#8221; column_element_direction_desktop=&#8221;default&#8221; column_element_spacing=&#8221;default&#8221; desktop_text_alignment=&#8221;default&#8221; tablet_text_alignment=&#8221;default&#8221;...\" \/>\n<meta property=\"og:url\" content=\"https:\/\/www.gasthof-walde.com\/it\/impressum\/\" \/>\n<meta property=\"og:site_name\" content=\"Berggasthof Walde\" \/>\n<meta property=\"article:publisher\" content=\"https:\/\/www.facebook.com\/BerggasthofWalde\" \/>\n<meta property=\"article:modified_time\" content=\"2025-02-14T07:23:26+00:00\" \/>\n<meta property=\"og:image\" content=\"https:\/\/www.gasthof-walde.com\/wp-content\/uploads\/2024\/10\/Gasthof-Walde-48.jpg\" \/>\n\t<meta property=\"og:image:width\" content=\"1920\" \/>\n\t<meta property=\"og:image:height\" content=\"1280\" \/>\n\t<meta property=\"og:image:type\" content=\"image\/jpeg\" \/>\n<meta name=\"twitter:card\" content=\"summary_large_image\" \/>\n<meta name=\"twitter:label1\" content=\"Tempo di lettura stimato\" \/>\n\t<meta name=\"twitter:data1\" content=\"2 minuti\" \/>\n<script type=\"application\/ld+json\" class=\"yoast-schema-graph\">{\"@context\":\"https:\\\/\\\/schema.org\",\"@graph\":[{\"@type\":\"WebPage\",\"@id\":\"https:\\\/\\\/www.gasthof-walde.com\\\/it\\\/impressum\\\/\",\"url\":\"https:\\\/\\\/www.gasthof-walde.com\\\/it\\\/impressum\\\/\",\"name\":\"Impressum - Berggasthof Walde\",\"isPartOf\":{\"@id\":\"https:\\\/\\\/www.gasthof-walde.com\\\/it\\\/#website\"},\"datePublished\":\"2025-01-10T07:28:10+00:00\",\"dateModified\":\"2025-02-14T07:23:26+00:00\",\"breadcrumb\":{\"@id\":\"https:\\\/\\\/www.gasthof-walde.com\\\/it\\\/impressum\\\/#breadcrumb\"},\"inLanguage\":\"it-IT\",\"potentialAction\":[{\"@type\":\"ReadAction\",\"target\":[\"https:\\\/\\\/www.gasthof-walde.com\\\/it\\\/impressum\\\/\"]}]},{\"@type\":\"BreadcrumbList\",\"@id\":\"https:\\\/\\\/www.gasthof-walde.com\\\/it\\\/impressum\\\/#breadcrumb\",\"itemListElement\":[{\"@type\":\"ListItem\",\"position\":1,\"name\":\"Startseite\",\"item\":\"https:\\\/\\\/www.gasthof-walde.com\\\/it\\\/\"},{\"@type\":\"ListItem\",\"position\":2,\"name\":\"Impressum\"}]},{\"@type\":\"WebSite\",\"@id\":\"https:\\\/\\\/www.gasthof-walde.com\\\/it\\\/#website\",\"url\":\"https:\\\/\\\/www.gasthof-walde.com\\\/it\\\/\",\"name\":\"Berggasthof Walde\",\"description\":\"am Meraner H\u00f6henweg - Riffian\",\"publisher\":{\"@id\":\"https:\\\/\\\/www.gasthof-walde.com\\\/it\\\/#organization\"},\"potentialAction\":[{\"@type\":\"SearchAction\",\"target\":{\"@type\":\"EntryPoint\",\"urlTemplate\":\"https:\\\/\\\/www.gasthof-walde.com\\\/it\\\/?s={search_term_string}\"},\"query-input\":{\"@type\":\"PropertyValueSpecification\",\"valueRequired\":true,\"valueName\":\"search_term_string\"}}],\"inLanguage\":\"it-IT\"},{\"@type\":\"Organization\",\"@id\":\"https:\\\/\\\/www.gasthof-walde.com\\\/it\\\/#organization\",\"name\":\"Berggasthof Walde\",\"url\":\"https:\\\/\\\/www.gasthof-walde.com\\\/it\\\/\",\"logo\":{\"@type\":\"ImageObject\",\"inLanguage\":\"it-IT\",\"@id\":\"https:\\\/\\\/www.gasthof-walde.com\\\/it\\\/#\\\/schema\\\/logo\\\/image\\\/\",\"url\":\"https:\\\/\\\/www.gasthof-walde.com\\\/wp-content\\\/uploads\\\/2024\\\/07\\\/Gasthaus-Walde-Logo.png\",\"contentUrl\":\"https:\\\/\\\/www.gasthof-walde.com\\\/wp-content\\\/uploads\\\/2024\\\/07\\\/Gasthaus-Walde-Logo.png\",\"width\":400,\"height\":180,\"caption\":\"Berggasthof Walde\"},\"image\":{\"@id\":\"https:\\\/\\\/www.gasthof-walde.com\\\/it\\\/#\\\/schema\\\/logo\\\/image\\\/\"},\"sameAs\":[\"https:\\\/\\\/www.facebook.com\\\/BerggasthofWalde\"]}]}<\/script>\n<!-- \/ Yoast SEO plugin. -->","yoast_head_json":{"title":"Impressum - Berggasthof Walde","robots":{"index":"index","follow":"follow","max-snippet":"max-snippet:-1","max-image-preview":"max-image-preview:large","max-video-preview":"max-video-preview:-1"},"canonical":"https:\/\/www.gasthof-walde.com\/it\/impressum\/","og_locale":"it_IT","og_type":"article","og_title":"Impressum - Berggasthof Walde","og_description":"[vc_row type=&#8221;in_container&#8221; full_screen_row_position=&#8221;middle&#8221; column_margin=&#8221;default&#8221; column_direction=&#8221;default&#8221; column_direction_tablet=&#8221;default&#8221; column_direction_phone=&#8221;default&#8221; scene_position=&#8221;center&#8221; top_padding=&#8221;3%&#8221; constrain_group_1=&#8221;yes&#8221; bottom_padding=&#8221;3%&#8221; text_color=&#8221;dark&#8221; text_align=&#8221;left&#8221; row_border_radius=&#8221;none&#8221; row_border_radius_applies=&#8221;bg&#8221; overflow=&#8221;visible&#8221; overlay_strength=&#8221;0.3&#8243; gradient_direction=&#8221;left_to_right&#8221; shape_divider_position=&#8221;bottom&#8221; bg_image_animation=&#8221;none&#8221; gradient_type=&#8221;default&#8221; shape_type=&#8221;&#8221;][vc_column column_padding=&#8221;no-extra-padding&#8221; column_padding_tablet=&#8221;inherit&#8221; column_padding_phone=&#8221;inherit&#8221; column_padding_position=&#8221;all&#8221; column_element_direction_desktop=&#8221;default&#8221; column_element_spacing=&#8221;default&#8221; desktop_text_alignment=&#8221;default&#8221; tablet_text_alignment=&#8221;default&#8221;...","og_url":"https:\/\/www.gasthof-walde.com\/it\/impressum\/","og_site_name":"Berggasthof Walde","article_publisher":"https:\/\/www.facebook.com\/BerggasthofWalde","article_modified_time":"2025-02-14T07:23:26+00:00","og_image":[{"width":1920,"height":1280,"url":"https:\/\/www.gasthof-walde.com\/wp-content\/uploads\/2024\/10\/Gasthof-Walde-48.jpg","type":"image\/jpeg"}],"twitter_card":"summary_large_image","twitter_misc":{"Tempo di lettura stimato":"2 minuti"},"schema":{"@context":"https:\/\/schema.org","@graph":[{"@type":"WebPage","@id":"https:\/\/www.gasthof-walde.com\/it\/impressum\/","url":"https:\/\/www.gasthof-walde.com\/it\/impressum\/","name":"Impressum - Berggasthof Walde","isPartOf":{"@id":"https:\/\/www.gasthof-walde.com\/it\/#website"},"datePublished":"2025-01-10T07:28:10+00:00","dateModified":"2025-02-14T07:23:26+00:00","breadcrumb":{"@id":"https:\/\/www.gasthof-walde.com\/it\/impressum\/#breadcrumb"},"inLanguage":"it-IT","potentialAction":[{"@type":"ReadAction","target":["https:\/\/www.gasthof-walde.com\/it\/impressum\/"]}]},{"@type":"BreadcrumbList","@id":"https:\/\/www.gasthof-walde.com\/it\/impressum\/#breadcrumb","itemListElement":[{"@type":"ListItem","position":1,"name":"Startseite","item":"https:\/\/www.gasthof-walde.com\/it\/"},{"@type":"ListItem","position":2,"name":"Impressum"}]},{"@type":"WebSite","@id":"https:\/\/www.gasthof-walde.com\/it\/#website","url":"https:\/\/www.gasthof-walde.com\/it\/","name":"Berggasthof Walde","description":"am Meraner H\u00f6henweg - Riffian","publisher":{"@id":"https:\/\/www.gasthof-walde.com\/it\/#organization"},"potentialAction":[{"@type":"SearchAction","target":{"@type":"EntryPoint","urlTemplate":"https:\/\/www.gasthof-walde.com\/it\/?s={search_term_string}"},"query-input":{"@type":"PropertyValueSpecification","valueRequired":true,"valueName":"search_term_string"}}],"inLanguage":"it-IT"},{"@type":"Organization","@id":"https:\/\/www.gasthof-walde.com\/it\/#organization","name":"Berggasthof Walde","url":"https:\/\/www.gasthof-walde.com\/it\/","logo":{"@type":"ImageObject","inLanguage":"it-IT","@id":"https:\/\/www.gasthof-walde.com\/it\/#\/schema\/logo\/image\/","url":"https:\/\/www.gasthof-walde.com\/wp-content\/uploads\/2024\/07\/Gasthaus-Walde-Logo.png","contentUrl":"https:\/\/www.gasthof-walde.com\/wp-content\/uploads\/2024\/07\/Gasthaus-Walde-Logo.png","width":400,"height":180,"caption":"Berggasthof Walde"},"image":{"@id":"https:\/\/www.gasthof-walde.com\/it\/#\/schema\/logo\/image\/"},"sameAs":["https:\/\/www.facebook.com\/BerggasthofWalde"]}]}},"_links":{"self":[{"href":"https:\/\/www.gasthof-walde.com\/it\/wp-json\/wp\/v2\/pages\/703","targetHints":{"allow":["GET"]}}],"collection":[{"href":"https:\/\/www.gasthof-walde.com\/it\/wp-json\/wp\/v2\/pages"}],"about":[{"href":"https:\/\/www.gasthof-walde.com\/it\/wp-json\/wp\/v2\/types\/page"}],"author":[{"embeddable":true,"href":"https:\/\/www.gasthof-walde.com\/it\/wp-json\/wp\/v2\/users\/3"}],"replies":[{"embeddable":true,"href":"https:\/\/www.gasthof-walde.com\/it\/wp-json\/wp\/v2\/comments?post=703"}],"version-history":[{"count":4,"href":"https:\/\/www.gasthof-walde.com\/it\/wp-json\/wp\/v2\/pages\/703\/revisions"}],"predecessor-version":[{"id":729,"href":"https:\/\/www.gasthof-walde.com\/it\/wp-json\/wp\/v2\/pages\/703\/revisions\/729"}],"wp:attachment":[{"href":"https:\/\/www.gasthof-walde.com\/it\/wp-json\/wp\/v2\/media?parent=703"}],"curies":[{"name":"wp","href":"https:\/\/api.w.org\/{rel}","templated":true}]}}